{"id":372,"date":"2022-12-16T09:31:42","date_gmt":"2022-12-16T08:31:42","guid":{"rendered":"https:\/\/villasferadolce.com\/?page_id=372"},"modified":"2025-03-31T19:33:02","modified_gmt":"2025-03-31T17:33:02","slug":"a-propos-de-nous","status":"publish","type":"page","link":"https:\/\/rebellemaastricht.nl\/fr\/over-ons\/","title":{"rendered":"A propos de nous"},"content":{"rendered":"<div data-elementor-type=\"wp-page\" data-elementor-id=\"372\" class=\"elementor elementor-372\" data-elementor-post-type=\"page\">\n\t\t\t\t<div class=\"elementor-element elementor-element-3591d48 e-con-full e-flex e-con e-parent\" data-id=\"3591d48\" data-element_type=\"container\" data-e-type=\"container\" data-settings=\"{&quot;jet_parallax_layout_list&quot;:[],&quot;background_background&quot;:&quot;gradient&quot;}\">\n\t\t<div class=\"elementor-element elementor-element-914c894 e-con-full e-flex e-con e-child\" data-id=\"914c894\" data-element_type=\"container\" data-e-type=\"container\" data-settings=\"{&quot;background_background&quot;:&quot;classic&quot;,&quot;jet_parallax_layout_list&quot;:[]}\">\n\t\t\t\t<\/div>\n\t\t\t\t<\/div>\n\t\t<div class=\"elementor-element elementor-element-51360c1 e-flex e-con-boxed e-con e-parent\" data-id=\"51360c1\" data-element_type=\"container\" data-e-type=\"container\" data-settings=\"{&quot;jet_parallax_layout_list&quot;:[],&quot;background_background&quot;:&quot;classic&quot;}\">\n\t\t\t\t\t<div class=\"e-con-inner\">\n\t\t<div class=\"elementor-element elementor-element-05cf377 e-con-full e-flex e-con e-child\" data-id=\"05cf377\" data-element_type=\"container\" data-e-type=\"container\" data-settings=\"{&quot;jet_parallax_layout_list&quot;:[],&quot;background_background&quot;:&quot;classic&quot;}\">\n\t\t<div class=\"elementor-element elementor-element-3832c8d e-con-full e-flex elementor-invisible e-con e-child\" data-id=\"3832c8d\" data-element_type=\"container\" data-e-type=\"container\" data-settings=\"{&quot;jet_parallax_layout_list&quot;:[],&quot;animation&quot;:&quot;fadeInRight&quot;}\">\n\t\t\t\t<div class=\"elementor-element elementor-element-effb49a elementor-widget elementor-widget-heading\" data-id=\"effb49a\" data-element_type=\"widget\" data-e-type=\"widget\" data-widget_type=\"heading.default\">\n\t\t\t\t<div class=\"elementor-widget-container\">\n\t\t\t\t\t<h2 class=\"elementor-heading-title elementor-size-default\">Un lieu magnifique<\/h2>\t\t\t\t<\/div>\n\t\t\t\t<\/div>\n\t\t\t\t<div class=\"elementor-element elementor-element-d0eeda0 elementor-widget elementor-widget-text-editor\" data-id=\"d0eeda0\" data-element_type=\"widget\" data-e-type=\"widget\" data-widget_type=\"text-editor.default\">\n\t\t\t\t<div class=\"elementor-widget-container\">\n\t\t\t\t\t\t\t\t\t<p>De 1974 \u00e0 1976, l'\u00e9glise a de nouveau \u00e9t\u00e9 restaur\u00e9e en profondeur selon les plans des architectes Harry et Pieter Koene. Le 2 avril 1976, le vicaire \u00e9piscopal Mgr L. Meertens a rouvert l'Awwestiene, qui a ensuite \u00e9t\u00e9 ouverte \u00e0 des \u00e9v\u00e9nements culturels. \u00c0 partir de 1991, le b\u00e2timent a servi d'association et de lieu de r\u00e9p\u00e9tition pour le Mastreechter Staar. Vers 1998, le b\u00e2timent a \u00e9t\u00e9 vid\u00e9 de son mobilier d'\u00e9glise restant, apr\u00e8s quoi l'\u00e9glise a \u00e9t\u00e9 lou\u00e9e plusieurs nuits par semaine comme discoth\u00e8que appel\u00e9e NightLive. Jusqu'en juin 2014, l'\u00e9glise a \u00e9t\u00e9 am\u00e9nag\u00e9e en salle de jeux pour enfants FunVille avec un service de restauration (y compris une terrasse sur la Mariastraat).<\/p><p>En 2015, l'\u00e9glise sera reconstruite. Rebelle est n\u00e9e.<\/p>\t\t\t\t\t\t\t\t<\/div>\n\t\t\t\t<\/div>\n\t\t\t\t<\/div>\n\t\t\t\t<\/div>\n\t\t\t\t\t<\/div>\n\t\t\t\t<\/div>\n\t\t<div class=\"elementor-element elementor-element-665ce0a8 e-flex e-con-boxed e-con e-parent\" data-id=\"665ce0a8\" data-element_type=\"container\" data-e-type=\"container\" data-settings=\"{&quot;jet_parallax_layout_list&quot;:[],&quot;background_background&quot;:&quot;classic&quot;}\">\n\t\t\t\t\t<div class=\"e-con-inner\">\n\t\t<div class=\"elementor-element elementor-element-f598462 e-con-full e-flex e-con e-child\" data-id=\"f598462\" data-element_type=\"container\" data-e-type=\"container\" data-settings=\"{&quot;jet_parallax_layout_list&quot;:[]}\">\n\t\t<div class=\"elementor-element elementor-element-d6e1109 e-con-full e-flex e-con e-child\" data-id=\"d6e1109\" data-element_type=\"container\" data-e-type=\"container\" data-settings=\"{&quot;jet_parallax_layout_list&quot;:[],&quot;background_background&quot;:&quot;classic&quot;}\">\n\t\t\t\t<div class=\"elementor-element elementor-element-84d85b4 elementor-widget elementor-widget-image\" data-id=\"84d85b4\" data-element_type=\"widget\" data-e-type=\"widget\" data-widget_type=\"image.default\">\n\t\t\t\t<div class=\"elementor-widget-container\">\n\t\t\t\t\t\t\t\t\t\t\t\t\t\t\t<img fetchpriority=\"high\" decoding=\"async\" width=\"1333\" height=\"2000\" src=\"https:\/\/rebellemaastricht.nl\/wp-content\/uploads\/2023\/05\/20180914_Rebelle_Erik_Stevens_Catering-45-copy.jpg\" class=\"attachment-full size-full wp-image-1059\" alt=\"Rebelle Maastricht\" srcset=\"https:\/\/rebellemaastricht.nl\/wp-content\/uploads\/2023\/05\/20180914_Rebelle_Erik_Stevens_Catering-45-copy.jpg 1333w, https:\/\/rebellemaastricht.nl\/wp-content\/uploads\/2023\/05\/20180914_Rebelle_Erik_Stevens_Catering-45-copy-200x300.jpg 200w, https:\/\/rebellemaastricht.nl\/wp-content\/uploads\/2023\/05\/20180914_Rebelle_Erik_Stevens_Catering-45-copy-682x1024.jpg 682w, https:\/\/rebellemaastricht.nl\/wp-content\/uploads\/2023\/05\/20180914_Rebelle_Erik_Stevens_Catering-45-copy-768x1152.jpg 768w, https:\/\/rebellemaastricht.nl\/wp-content\/uploads\/2023\/05\/20180914_Rebelle_Erik_Stevens_Catering-45-copy-1024x1536.jpg 1024w\" sizes=\"(max-width: 1333px) 100vw, 1333px\" \/>\t\t\t\t\t\t\t\t\t\t\t\t\t\t\t<\/div>\n\t\t\t\t<\/div>\n\t\t\t\t<\/div>\n\t\t<div class=\"elementor-element elementor-element-bad149d e-con-full e-flex e-con e-child\" data-id=\"bad149d\" data-element_type=\"container\" data-e-type=\"container\" data-settings=\"{&quot;jet_parallax_layout_list&quot;:[],&quot;background_background&quot;:&quot;classic&quot;}\">\n\t\t\t\t<div class=\"elementor-element elementor-element-3bbae190 elementor-widget elementor-widget-heading\" data-id=\"3bbae190\" data-element_type=\"widget\" data-e-type=\"widget\" data-widget_type=\"heading.default\">\n\t\t\t\t<div class=\"elementor-widget-container\">\n\t\t\t\t\t<h2 class=\"elementor-heading-title elementor-size-default\">Exclusivit\u00e9 possible<\/h2>\t\t\t\t<\/div>\n\t\t\t\t<\/div>\n\t\t\t\t<div class=\"elementor-element elementor-element-44067533 elementor-widget elementor-widget-text-editor\" data-id=\"44067533\" data-element_type=\"widget\" data-e-type=\"widget\" data-widget_type=\"text-editor.default\">\n\t\t\t\t<div class=\"elementor-widget-container\">\n\t\t\t\t\t\t\t\t\t<p>Pour les petits comme pour les grands \u00e9v\u00e9nements, profitez de l'exclusivit\u00e9 du Rebelle.<br \/>Nous serions heureux d'\u00e9tudier les possibilit\u00e9s avec vous.<\/p>\t\t\t\t\t\t\t\t<\/div>\n\t\t\t\t<\/div>\n\t\t\t\t<div class=\"elementor-element elementor-element-6ac8f49 elementor-widget elementor-widget-spacer\" data-id=\"6ac8f49\" data-element_type=\"widget\" data-e-type=\"widget\" data-widget_type=\"spacer.default\">\n\t\t\t\t<div class=\"elementor-widget-container\">\n\t\t\t\t\t\t\t<div class=\"elementor-spacer\">\n\t\t\t<div class=\"elementor-spacer-inner\"><\/div>\n\t\t<\/div>\n\t\t\t\t\t\t<\/div>\n\t\t\t\t<\/div>\n\t\t\t\t<div class=\"elementor-element elementor-element-35a00088 elementor-widget elementor-widget-heading\" data-id=\"35a00088\" data-element_type=\"widget\" data-e-type=\"widget\" data-widget_type=\"heading.default\">\n\t\t\t\t<div class=\"elementor-widget-container\">\n\t\t\t\t\t<h2 class=\"elementor-heading-title elementor-size-default\">Classique ou moderne ?<\/h2>\t\t\t\t<\/div>\n\t\t\t\t<\/div>\n\t\t\t\t<div class=\"elementor-element elementor-element-520f12e4 elementor-widget elementor-widget-text-editor\" data-id=\"520f12e4\" data-element_type=\"widget\" data-e-type=\"widget\" data-widget_type=\"text-editor.default\">\n\t\t\t\t<div class=\"elementor-widget-container\">\n\t\t\t\t\t\t\t\t\tUne \u00e9glise classique avec des d\u00e9tails originaux, mais moderne et totalement contemporaine. Une combinaison unique pour un \u00e9v\u00e9nement enti\u00e8rement \u00e0 votre mesure. \t\t\t\t\t\t\t\t<\/div>\n\t\t\t\t<\/div>\n\t\t\t\t<div class=\"elementor-element elementor-element-ce226ea elementor-widget elementor-widget-spacer\" data-id=\"ce226ea\" data-element_type=\"widget\" data-e-type=\"widget\" data-widget_type=\"spacer.default\">\n\t\t\t\t<div class=\"elementor-widget-container\">\n\t\t\t\t\t\t\t<div class=\"elementor-spacer\">\n\t\t\t<div class=\"elementor-spacer-inner\"><\/div>\n\t\t<\/div>\n\t\t\t\t\t\t<\/div>\n\t\t\t\t<\/div>\n\t\t\t\t<div class=\"elementor-element elementor-element-4b4a3ee elementor-widget elementor-widget-heading\" data-id=\"4b4a3ee\" data-element_type=\"widget\" data-e-type=\"widget\" data-widget_type=\"heading.default\">\n\t\t\t\t<div class=\"elementor-widget-container\">\n\t\t\t\t\t<h2 class=\"elementor-heading-title elementor-size-default\">Situation fantastique au c\u0153ur de Maastricht<\/h2>\t\t\t\t<\/div>\n\t\t\t\t<\/div>\n\t\t\t\t<div class=\"elementor-element elementor-element-590da95 elementor-widget elementor-widget-text-editor\" data-id=\"590da95\" data-element_type=\"widget\" data-e-type=\"widget\" data-widget_type=\"text-editor.default\">\n\t\t\t\t<div class=\"elementor-widget-container\">\n\t\t\t\t\t\t\t\t\tUn lieu d'\u00e9v\u00e9nement en plein c\u0153ur de Maastricht. \u00c0 la Rebelle, tout est possible ! Vous \u00eates int\u00e9ress\u00e9 ? N'h\u00e9sitez pas \u00e0 prendre un rendez-vous sans engagement et laissez-nous vous convaincre que c'est le lieu unique pour votre \u00e9v\u00e9nement. \t\t\t\t\t\t\t\t<\/div>\n\t\t\t\t<\/div>\n\t\t\t\t<\/div>\n\t\t\t\t<\/div>\n\t\t\t\t\t<\/div>\n\t\t\t\t<\/div>\n\t\t<div class=\"elementor-element elementor-element-6709c217 e-flex e-con-boxed e-con e-parent\" data-id=\"6709c217\" data-element_type=\"container\" data-e-type=\"container\" data-settings=\"{&quot;background_background&quot;:&quot;classic&quot;,&quot;jet_parallax_layout_list&quot;:[]}\">\n\t\t\t\t\t<div class=\"e-con-inner\">\n\t\t<div class=\"elementor-element elementor-element-f47df1 e-con-full e-flex e-con e-child\" data-id=\"f47df1\" data-element_type=\"container\" data-e-type=\"container\" data-settings=\"{&quot;jet_parallax_layout_list&quot;:[]}\">\n\t\t\t\t<div class=\"elementor-element elementor-element-69302a90 elementor-widget elementor-widget-text-editor\" data-id=\"69302a90\" data-element_type=\"widget\" data-e-type=\"widget\" data-widget_type=\"text-editor.default\">\n\t\t\t\t<div class=\"elementor-widget-container\">\n\t\t\t\t\t\t\t\t\tL'EMPLACEMENT ID\u00c9AL\t\t\t\t\t\t\t\t<\/div>\n\t\t\t\t<\/div>\n\t\t\t\t<div class=\"elementor-element elementor-element-56c0aed6 elementor-widget elementor-widget-heading\" data-id=\"56c0aed6\" data-element_type=\"widget\" data-e-type=\"widget\" data-widget_type=\"heading.default\">\n\t\t\t\t<div class=\"elementor-widget-container\">\n\t\t\t\t\t<h2 class=\"elementor-heading-title elementor-size-default\">Pour tout \u00e9v\u00e9nement<\/h2>\t\t\t\t<\/div>\n\t\t\t\t<\/div>\n\t\t\t\t<div class=\"elementor-element elementor-element-391e5006 elementor-widget elementor-widget-text-editor\" data-id=\"391e5006\" data-element_type=\"widget\" data-e-type=\"widget\" data-widget_type=\"text-editor.default\">\n\t\t\t\t<div class=\"elementor-widget-container\">\n\t\t\t\t\t\t\t\t\t<p><strong>Vous avez un \u00e9v\u00e9nement pour 250, 400 ou 850 personnes ? Nous avons le plus bel endroit pour cela au c\u0153ur de Maastricht !<\/strong><\/p><p>A titre d'illustration, nous avons <a href=\"https:\/\/rebellemaastricht.nl\/wp-content\/uploads\/2025\/03\/rebelle.pdf\" target=\"_blank\" rel=\"noopener\">4 plans d'\u00e9tage avec des exemples d'installation sont disponibles au t\u00e9l\u00e9chargement.<\/a> Si vous avez une id\u00e9e diff\u00e9rente ou des questions sur une autre disposition, n'h\u00e9sitez pas \u00e0 nous contacter. Nous serons heureux de vous aider \u00e0 trouver le lieu id\u00e9al pour votre \u00e9v\u00e9nement !<\/p>\t\t\t\t\t\t\t\t<\/div>\n\t\t\t\t<\/div>\n\t\t\t\t<\/div>\n\t\t<div class=\"elementor-element elementor-element-3a0494f2 e-con-full e-flex e-con e-child\" data-id=\"3a0494f2\" data-element_type=\"container\" data-e-type=\"container\" data-settings=\"{&quot;jet_parallax_layout_list&quot;:[]}\">\n\t\t\t\t<div class=\"elementor-element elementor-element-1329b306 elementor-widget elementor-widget-image\" data-id=\"1329b306\" data-element_type=\"widget\" data-e-type=\"widget\" data-widget_type=\"image.default\">\n\t\t\t\t<div class=\"elementor-widget-container\">\n\t\t\t\t\t\t\t\t\t\t\t\t\t\t\t<img decoding=\"async\" width=\"800\" height=\"533\" src=\"https:\/\/rebellemaastricht.nl\/wp-content\/uploads\/2023\/01\/1.jpg\" class=\"attachment-large size-large wp-image-614\" alt=\"Rebelle Maastricht\" srcset=\"https:\/\/rebellemaastricht.nl\/wp-content\/uploads\/2023\/01\/1.jpg 960w, https:\/\/rebellemaastricht.nl\/wp-content\/uploads\/2023\/01\/1-300x200.jpg 300w, https:\/\/rebellemaastricht.nl\/wp-content\/uploads\/2023\/01\/1-768x512.jpg 768w\" sizes=\"(max-width: 800px) 100vw, 800px\" \/>\t\t\t\t\t\t\t\t\t\t\t\t\t\t\t<\/div>\n\t\t\t\t<\/div>\n\t\t\t\t<\/div>\n\t\t\t\t\t<\/div>\n\t\t\t\t<\/div>\n\t\t\t\t<\/div>","protected":false},"excerpt":{"rendered":"<p>Een prachtige locatie Van 1974 tot 1976 werd de kerk opnieuw grondig gerestaureerd naar plannen van de architecten Harry en Pieter Koene. Op 2 april 1976 heropende de bisschoppelijk vicaris mgr. L. Meertens de Awwestiene, die daarna werd opengesteld voor culturele manifestaties. Vanaf 1991 fungeert het gebouw als verenigings- en repetitielokaal van de Mastreechter Staar. [&hellip;]<\/p>\n","protected":false},"author":1,"featured_media":0,"parent":0,"menu_order":0,"comment_status":"closed","ping_status":"closed","template":"elementor_header_footer","meta":{"footnotes":""},"class_list":["post-372","page","type-page","status-publish","hentry"],"_links":{"self":[{"href":"https:\/\/rebellemaastricht.nl\/fr\/wp-json\/wp\/v2\/pages\/372","targetHints":{"allow":["GET"]}}],"collection":[{"href":"https:\/\/rebellemaastricht.nl\/fr\/wp-json\/wp\/v2\/pages"}],"about":[{"href":"https:\/\/rebellemaastricht.nl\/fr\/wp-json\/wp\/v2\/types\/page"}],"author":[{"embeddable":true,"href":"https:\/\/rebellemaastricht.nl\/fr\/wp-json\/wp\/v2\/users\/1"}],"replies":[{"embeddable":true,"href":"https:\/\/rebellemaastricht.nl\/fr\/wp-json\/wp\/v2\/comments?post=372"}],"version-history":[{"count":5,"href":"https:\/\/rebellemaastricht.nl\/fr\/wp-json\/wp\/v2\/pages\/372\/revisions"}],"predecessor-version":[{"id":2019,"href":"https:\/\/rebellemaastricht.nl\/fr\/wp-json\/wp\/v2\/pages\/372\/revisions\/2019"}],"wp:attachment":[{"href":"https:\/\/rebellemaastricht.nl\/fr\/wp-json\/wp\/v2\/media?parent=372"}],"curies":[{"name":"wp","href":"https:\/\/api.w.org\/{rel}","templated":true}]}}