{"id":372,"date":"2022-12-16T09:31:42","date_gmt":"2022-12-16T08:31:42","guid":{"rendered":"https:\/\/villasferadolce.com\/?page_id=372"},"modified":"2025-03-31T19:33:02","modified_gmt":"2025-03-31T17:33:02","slug":"uber-uns","status":"publish","type":"page","link":"https:\/\/rebellemaastricht.nl\/de\/over-ons\/","title":{"rendered":"\u00dcber uns"},"content":{"rendered":"<div data-elementor-type=\"wp-page\" data-elementor-id=\"372\" class=\"elementor elementor-372\" data-elementor-post-type=\"page\">\n\t\t\t\t<div class=\"elementor-element elementor-element-3591d48 e-con-full e-flex e-con e-parent\" data-id=\"3591d48\" data-element_type=\"container\" data-e-type=\"container\" data-settings=\"{&quot;jet_parallax_layout_list&quot;:[],&quot;background_background&quot;:&quot;gradient&quot;}\">\n\t\t<div class=\"elementor-element elementor-element-914c894 e-con-full e-flex e-con e-child\" data-id=\"914c894\" data-element_type=\"container\" data-e-type=\"container\" data-settings=\"{&quot;background_background&quot;:&quot;classic&quot;,&quot;jet_parallax_layout_list&quot;:[]}\">\n\t\t\t\t<\/div>\n\t\t\t\t<\/div>\n\t\t<div class=\"elementor-element elementor-element-51360c1 e-flex e-con-boxed e-con e-parent\" data-id=\"51360c1\" data-element_type=\"container\" data-e-type=\"container\" data-settings=\"{&quot;jet_parallax_layout_list&quot;:[],&quot;background_background&quot;:&quot;classic&quot;}\">\n\t\t\t\t\t<div class=\"e-con-inner\">\n\t\t<div class=\"elementor-element elementor-element-05cf377 e-con-full e-flex e-con e-child\" data-id=\"05cf377\" data-element_type=\"container\" data-e-type=\"container\" data-settings=\"{&quot;jet_parallax_layout_list&quot;:[],&quot;background_background&quot;:&quot;classic&quot;}\">\n\t\t<div class=\"elementor-element elementor-element-3832c8d e-con-full e-flex elementor-invisible e-con e-child\" data-id=\"3832c8d\" data-element_type=\"container\" data-e-type=\"container\" data-settings=\"{&quot;jet_parallax_layout_list&quot;:[],&quot;animation&quot;:&quot;fadeInRight&quot;}\">\n\t\t\t\t<div class=\"elementor-element elementor-element-effb49a elementor-widget elementor-widget-heading\" data-id=\"effb49a\" data-element_type=\"widget\" data-e-type=\"widget\" data-widget_type=\"heading.default\">\n\t\t\t\t<div class=\"elementor-widget-container\">\n\t\t\t\t\t<h2 class=\"elementor-heading-title elementor-size-default\">Ein wundersch\u00f6ner Ort<\/h2>\t\t\t\t<\/div>\n\t\t\t\t<\/div>\n\t\t\t\t<div class=\"elementor-element elementor-element-d0eeda0 elementor-widget elementor-widget-text-editor\" data-id=\"d0eeda0\" data-element_type=\"widget\" data-e-type=\"widget\" data-widget_type=\"text-editor.default\">\n\t\t\t\t<div class=\"elementor-widget-container\">\n\t\t\t\t\t\t\t\t\t<p>Von 1974 bis 1976 wurde die Kirche nach den Pl\u00e4nen der Architekten Harry und Pieter Koene erneut gr\u00fcndlich restauriert. Am 2. April 1976 weihte der Bischofsvikar Msgr. L. Meertens die Awwestiene wieder ein, die dann f\u00fcr kulturelle Veranstaltungen ge\u00f6ffnet wurde. Ab 1991 diente das Geb\u00e4ude als Vereins- und Proberaum f\u00fcr die Mastreechter Staar. Um 1998 wurde das Geb\u00e4ude von seinem restlichen kirchlichen Inventar befreit, woraufhin die Kirche an mehreren Abenden pro Woche als Diskothek NightLive vermietet wurde. Bis Juni 2014 wurde die Kirche als Kinderspielzimmer FunVille mit Gastronomie (einschlie\u00dflich einer Terrasse an der Mariastraat) eingerichtet.<\/p><p>Im Jahr 2015 wird die Kirche wiederaufgebaut. Rebelle wurde geboren.<\/p>\t\t\t\t\t\t\t\t<\/div>\n\t\t\t\t<\/div>\n\t\t\t\t<\/div>\n\t\t\t\t<\/div>\n\t\t\t\t\t<\/div>\n\t\t\t\t<\/div>\n\t\t<div class=\"elementor-element elementor-element-665ce0a8 e-flex e-con-boxed e-con e-parent\" data-id=\"665ce0a8\" data-element_type=\"container\" data-e-type=\"container\" data-settings=\"{&quot;jet_parallax_layout_list&quot;:[],&quot;background_background&quot;:&quot;classic&quot;}\">\n\t\t\t\t\t<div class=\"e-con-inner\">\n\t\t<div class=\"elementor-element elementor-element-f598462 e-con-full e-flex e-con e-child\" data-id=\"f598462\" data-element_type=\"container\" data-e-type=\"container\" data-settings=\"{&quot;jet_parallax_layout_list&quot;:[]}\">\n\t\t<div class=\"elementor-element elementor-element-d6e1109 e-con-full e-flex e-con e-child\" data-id=\"d6e1109\" data-element_type=\"container\" data-e-type=\"container\" data-settings=\"{&quot;jet_parallax_layout_list&quot;:[],&quot;background_background&quot;:&quot;classic&quot;}\">\n\t\t\t\t<div class=\"elementor-element elementor-element-84d85b4 elementor-widget elementor-widget-image\" data-id=\"84d85b4\" data-element_type=\"widget\" data-e-type=\"widget\" data-widget_type=\"image.default\">\n\t\t\t\t<div class=\"elementor-widget-container\">\n\t\t\t\t\t\t\t\t\t\t\t\t\t\t\t<img fetchpriority=\"high\" decoding=\"async\" width=\"1333\" height=\"2000\" src=\"https:\/\/rebellemaastricht.nl\/wp-content\/uploads\/2023\/05\/20180914_Rebelle_Erik_Stevens_Catering-45-copy.jpg\" class=\"attachment-full size-full wp-image-1059\" alt=\"Rebelle Maastricht\" srcset=\"https:\/\/rebellemaastricht.nl\/wp-content\/uploads\/2023\/05\/20180914_Rebelle_Erik_Stevens_Catering-45-copy.jpg 1333w, https:\/\/rebellemaastricht.nl\/wp-content\/uploads\/2023\/05\/20180914_Rebelle_Erik_Stevens_Catering-45-copy-200x300.jpg 200w, https:\/\/rebellemaastricht.nl\/wp-content\/uploads\/2023\/05\/20180914_Rebelle_Erik_Stevens_Catering-45-copy-682x1024.jpg 682w, https:\/\/rebellemaastricht.nl\/wp-content\/uploads\/2023\/05\/20180914_Rebelle_Erik_Stevens_Catering-45-copy-768x1152.jpg 768w, https:\/\/rebellemaastricht.nl\/wp-content\/uploads\/2023\/05\/20180914_Rebelle_Erik_Stevens_Catering-45-copy-1024x1536.jpg 1024w\" sizes=\"(max-width: 1333px) 100vw, 1333px\" \/>\t\t\t\t\t\t\t\t\t\t\t\t\t\t\t<\/div>\n\t\t\t\t<\/div>\n\t\t\t\t<\/div>\n\t\t<div class=\"elementor-element elementor-element-bad149d e-con-full e-flex e-con e-child\" data-id=\"bad149d\" data-element_type=\"container\" data-e-type=\"container\" data-settings=\"{&quot;jet_parallax_layout_list&quot;:[],&quot;background_background&quot;:&quot;classic&quot;}\">\n\t\t\t\t<div class=\"elementor-element elementor-element-3bbae190 elementor-widget elementor-widget-heading\" data-id=\"3bbae190\" data-element_type=\"widget\" data-e-type=\"widget\" data-widget_type=\"heading.default\">\n\t\t\t\t<div class=\"elementor-widget-container\">\n\t\t\t\t\t<h2 class=\"elementor-heading-title elementor-size-default\">Ausschlie\u00dflichkeit m\u00f6glich<\/h2>\t\t\t\t<\/div>\n\t\t\t\t<\/div>\n\t\t\t\t<div class=\"elementor-element elementor-element-44067533 elementor-widget elementor-widget-text-editor\" data-id=\"44067533\" data-element_type=\"widget\" data-e-type=\"widget\" data-widget_type=\"text-editor.default\">\n\t\t\t\t<div class=\"elementor-widget-container\">\n\t\t\t\t\t\t\t\t\t<p>Genie\u00dfen Sie die Exklusivit\u00e4t der Rebelle sowohl bei kleinen als auch bei gro\u00dfen Veranstaltungen.<br \/>Wir w\u00fcrden uns freuen, die M\u00f6glichkeiten mit Ihnen auszuloten.<\/p>\t\t\t\t\t\t\t\t<\/div>\n\t\t\t\t<\/div>\n\t\t\t\t<div class=\"elementor-element elementor-element-6ac8f49 elementor-widget elementor-widget-spacer\" data-id=\"6ac8f49\" data-element_type=\"widget\" data-e-type=\"widget\" data-widget_type=\"spacer.default\">\n\t\t\t\t<div class=\"elementor-widget-container\">\n\t\t\t\t\t\t\t<div class=\"elementor-spacer\">\n\t\t\t<div class=\"elementor-spacer-inner\"><\/div>\n\t\t<\/div>\n\t\t\t\t\t\t<\/div>\n\t\t\t\t<\/div>\n\t\t\t\t<div class=\"elementor-element elementor-element-35a00088 elementor-widget elementor-widget-heading\" data-id=\"35a00088\" data-element_type=\"widget\" data-e-type=\"widget\" data-widget_type=\"heading.default\">\n\t\t\t\t<div class=\"elementor-widget-container\">\n\t\t\t\t\t<h2 class=\"elementor-heading-title elementor-size-default\">Klassisch versus modern<\/h2>\t\t\t\t<\/div>\n\t\t\t\t<\/div>\n\t\t\t\t<div class=\"elementor-element elementor-element-520f12e4 elementor-widget elementor-widget-text-editor\" data-id=\"520f12e4\" data-element_type=\"widget\" data-e-type=\"widget\" data-widget_type=\"text-editor.default\">\n\t\t\t\t<div class=\"elementor-widget-container\">\n\t\t\t\t\t\t\t\t\tEine klassische Kirche mit originellen Details, die dennoch modern und zeitgem\u00e4\u00df ist. Eine einzigartige Kombination f\u00fcr eine Veranstaltung ganz nach Ihrem Geschmack. \t\t\t\t\t\t\t\t<\/div>\n\t\t\t\t<\/div>\n\t\t\t\t<div class=\"elementor-element elementor-element-ce226ea elementor-widget elementor-widget-spacer\" data-id=\"ce226ea\" data-element_type=\"widget\" data-e-type=\"widget\" data-widget_type=\"spacer.default\">\n\t\t\t\t<div class=\"elementor-widget-container\">\n\t\t\t\t\t\t\t<div class=\"elementor-spacer\">\n\t\t\t<div class=\"elementor-spacer-inner\"><\/div>\n\t\t<\/div>\n\t\t\t\t\t\t<\/div>\n\t\t\t\t<\/div>\n\t\t\t\t<div class=\"elementor-element elementor-element-4b4a3ee elementor-widget elementor-widget-heading\" data-id=\"4b4a3ee\" data-element_type=\"widget\" data-e-type=\"widget\" data-widget_type=\"heading.default\">\n\t\t\t\t<div class=\"elementor-widget-container\">\n\t\t\t\t\t<h2 class=\"elementor-heading-title elementor-size-default\">Fantastische Lage im Herzen von Maastricht<\/h2>\t\t\t\t<\/div>\n\t\t\t\t<\/div>\n\t\t\t\t<div class=\"elementor-element elementor-element-590da95 elementor-widget elementor-widget-text-editor\" data-id=\"590da95\" data-element_type=\"widget\" data-e-type=\"widget\" data-widget_type=\"text-editor.default\">\n\t\t\t\t<div class=\"elementor-widget-container\">\n\t\t\t\t\t\t\t\t\tEin Veranstaltungsort mitten im Herzen von Maastricht. In der Rebelle ist es einfach m\u00f6glich! Interessiert? Vereinbaren Sie einen unverbindlichen Termin und lassen Sie sich von uns \u00fcberzeugen: dies ist der einzigartige Ort f\u00fcr Ihre Veranstaltung. \t\t\t\t\t\t\t\t<\/div>\n\t\t\t\t<\/div>\n\t\t\t\t<\/div>\n\t\t\t\t<\/div>\n\t\t\t\t\t<\/div>\n\t\t\t\t<\/div>\n\t\t<div class=\"elementor-element elementor-element-6709c217 e-flex e-con-boxed e-con e-parent\" data-id=\"6709c217\" data-element_type=\"container\" data-e-type=\"container\" data-settings=\"{&quot;background_background&quot;:&quot;classic&quot;,&quot;jet_parallax_layout_list&quot;:[]}\">\n\t\t\t\t\t<div class=\"e-con-inner\">\n\t\t<div class=\"elementor-element elementor-element-f47df1 e-con-full e-flex e-con e-child\" data-id=\"f47df1\" data-element_type=\"container\" data-e-type=\"container\" data-settings=\"{&quot;jet_parallax_layout_list&quot;:[]}\">\n\t\t\t\t<div class=\"elementor-element elementor-element-69302a90 elementor-widget elementor-widget-text-editor\" data-id=\"69302a90\" data-element_type=\"widget\" data-e-type=\"widget\" data-widget_type=\"text-editor.default\">\n\t\t\t\t<div class=\"elementor-widget-container\">\n\t\t\t\t\t\t\t\t\tDER PERFEKTE STANDORT\t\t\t\t\t\t\t\t<\/div>\n\t\t\t\t<\/div>\n\t\t\t\t<div class=\"elementor-element elementor-element-56c0aed6 elementor-widget elementor-widget-heading\" data-id=\"56c0aed6\" data-element_type=\"widget\" data-e-type=\"widget\" data-widget_type=\"heading.default\">\n\t\t\t\t<div class=\"elementor-widget-container\">\n\t\t\t\t\t<h2 class=\"elementor-heading-title elementor-size-default\">F\u00fcr jedes Ereignis<\/h2>\t\t\t\t<\/div>\n\t\t\t\t<\/div>\n\t\t\t\t<div class=\"elementor-element elementor-element-391e5006 elementor-widget elementor-widget-text-editor\" data-id=\"391e5006\" data-element_type=\"widget\" data-e-type=\"widget\" data-widget_type=\"text-editor.default\">\n\t\t\t\t<div class=\"elementor-widget-container\">\n\t\t\t\t\t\t\t\t\t<p><strong>Haben Sie eine Veranstaltung f\u00fcr 250, 400 oder 850 G\u00e4ste? Wir haben den sch\u00f6nsten Veranstaltungsort daf\u00fcr im Herzen von Maastricht!<\/strong><\/p><p>Zur Veranschaulichung: Wir haben <a href=\"https:\/\/rebellemaastricht.nl\/wp-content\/uploads\/2025\/03\/rebelle.pdf\" target=\"_blank\" rel=\"noopener\">4 Grundrisse mit Einrichtungsbeispielen stehen zum Download bereit.<\/a> Wenn Sie eine andere Idee oder Fragen zu einem anderen Layout haben, kontaktieren Sie uns bitte. Wir helfen Ihnen gerne, den perfekten Ort f\u00fcr Ihre Veranstaltung zu finden!<\/p>\t\t\t\t\t\t\t\t<\/div>\n\t\t\t\t<\/div>\n\t\t\t\t<\/div>\n\t\t<div class=\"elementor-element elementor-element-3a0494f2 e-con-full e-flex e-con e-child\" data-id=\"3a0494f2\" data-element_type=\"container\" data-e-type=\"container\" data-settings=\"{&quot;jet_parallax_layout_list&quot;:[]}\">\n\t\t\t\t<div class=\"elementor-element elementor-element-1329b306 elementor-widget elementor-widget-image\" data-id=\"1329b306\" data-element_type=\"widget\" data-e-type=\"widget\" data-widget_type=\"image.default\">\n\t\t\t\t<div class=\"elementor-widget-container\">\n\t\t\t\t\t\t\t\t\t\t\t\t\t\t\t<img decoding=\"async\" width=\"800\" height=\"533\" src=\"https:\/\/rebellemaastricht.nl\/wp-content\/uploads\/2023\/01\/1.jpg\" class=\"attachment-large size-large wp-image-614\" alt=\"Rebelle Maastricht\" srcset=\"https:\/\/rebellemaastricht.nl\/wp-content\/uploads\/2023\/01\/1.jpg 960w, https:\/\/rebellemaastricht.nl\/wp-content\/uploads\/2023\/01\/1-300x200.jpg 300w, https:\/\/rebellemaastricht.nl\/wp-content\/uploads\/2023\/01\/1-768x512.jpg 768w\" sizes=\"(max-width: 800px) 100vw, 800px\" \/>\t\t\t\t\t\t\t\t\t\t\t\t\t\t\t<\/div>\n\t\t\t\t<\/div>\n\t\t\t\t<\/div>\n\t\t\t\t\t<\/div>\n\t\t\t\t<\/div>\n\t\t\t\t<\/div>","protected":false},"excerpt":{"rendered":"<p>Een prachtige locatie Van 1974 tot 1976 werd de kerk opnieuw grondig gerestaureerd naar plannen van de architecten Harry en Pieter Koene. Op 2 april 1976 heropende de bisschoppelijk vicaris mgr. L. Meertens de Awwestiene, die daarna werd opengesteld voor culturele manifestaties. Vanaf 1991 fungeert het gebouw als verenigings- en repetitielokaal van de Mastreechter Staar. [&hellip;]<\/p>\n","protected":false},"author":1,"featured_media":0,"parent":0,"menu_order":0,"comment_status":"closed","ping_status":"closed","template":"elementor_header_footer","meta":{"footnotes":""},"class_list":["post-372","page","type-page","status-publish","hentry"],"_links":{"self":[{"href":"https:\/\/rebellemaastricht.nl\/de\/wp-json\/wp\/v2\/pages\/372","targetHints":{"allow":["GET"]}}],"collection":[{"href":"https:\/\/rebellemaastricht.nl\/de\/wp-json\/wp\/v2\/pages"}],"about":[{"href":"https:\/\/rebellemaastricht.nl\/de\/wp-json\/wp\/v2\/types\/page"}],"author":[{"embeddable":true,"href":"https:\/\/rebellemaastricht.nl\/de\/wp-json\/wp\/v2\/users\/1"}],"replies":[{"embeddable":true,"href":"https:\/\/rebellemaastricht.nl\/de\/wp-json\/wp\/v2\/comments?post=372"}],"version-history":[{"count":5,"href":"https:\/\/rebellemaastricht.nl\/de\/wp-json\/wp\/v2\/pages\/372\/revisions"}],"predecessor-version":[{"id":2019,"href":"https:\/\/rebellemaastricht.nl\/de\/wp-json\/wp\/v2\/pages\/372\/revisions\/2019"}],"wp:attachment":[{"href":"https:\/\/rebellemaastricht.nl\/de\/wp-json\/wp\/v2\/media?parent=372"}],"curies":[{"name":"wp","href":"https:\/\/api.w.org\/{rel}","templated":true}]}}